{"version":"1.0","provider_name":"ADRA Moldova","provider_url":"https:\/\/adra.md\/ru\/","author_name":"ADRA Moldova","author_url":"https:\/\/adra.md\/ru\/author\/andrei-girleanu\/","title":"16 zile de activism \u00eempotriva violen\u021bei de gen - ADRA Moldova","type":"rich","width":600,"height":338,"html":"<blockquote class=\"wp-embedded-content\" data-secret=\"yKeFQ3Lp2j\"><a href=\"https:\/\/adra.md\/ru\/16-zile-de-activism-impotriva-violentei-de-gen\/\">16 zile de activism \u00eempotriva violen\u021bei de gen<\/a><\/blockquote><iframe sandbox=\"allow-scripts\" security=\"restricted\" src=\"https:\/\/adra.md\/ru\/16-zile-de-activism-impotriva-violentei-de-gen\/embed\/#?secret=yKeFQ3Lp2j\" width=\"600\" height=\"338\" title=\"\u00ab16 zile de activism \u00eempotriva violen\u021bei de gen\u00bb &#8212; ADRA Moldova\" data-secret=\"yKeFQ3Lp2j\" frameborder=\"0\" marginwidth=\"0\" marginheight=\"0\" scrolling=\"no\" class=\"wp-embedded-content\"><\/iframe><script>\n\/*! This file is auto-generated *\/\n!function(d,l){\"use strict\";l.querySelector&&d.addEventListener&&\"undefined\"!=typeof URL&&(d.wp=d.wp||{},d.wp.receiveEmbedMessage||(d.wp.receiveEmbedMessage=function(e){var t=e.data;if((t||t.secret||t.message||t.value)&&!\/[^a-zA-Z0-9]\/.test(t.secret)){for(var s,r,n,a=l.querySelectorAll('iframe[data-secret=\"'+t.secret+'\"]'),o=l.querySelectorAll('blockquote[data-secret=\"'+t.secret+'\"]'),c=new RegExp(\"^https?:$\",\"i\"),i=0;i<o.length;i++)o[i].style.display=\"none\";for(i=0;i<a.length;i++)s=a[i],e.source===s.contentWindow&&(s.removeAttribute(\"style\"),\"height\"===t.message?(1e3<(r=parseInt(t.value,10))?r=1e3:~~r<200&&(r=200),s.height=r):\"link\"===t.message&&(r=new URL(s.getAttribute(\"src\")),n=new URL(t.value),c.test(n.protocol))&&n.host===r.host&&l.activeElement===s&&(d.top.location.href=t.value))}},d.addEventListener(\"message\",d.wp.receiveEmbedMessage,!1),l.addEventListener(\"DOMContentLoaded\",function(){for(var e,t,s=l.querySelectorAll(\"iframe.wp-embedded-content\"),r=0;r<s.length;r++)(t=(e=s[r]).getAttribute(\"data-secret\"))||(t=Math.random().toString(36).substring(2,12),e.src+=\"#?secret=\"+t,e.setAttribute(\"data-secret\",t)),e.contentWindow.postMessage({message:\"ready\",secret:t},\"*\")},!1)))}(window,document);\n\/\/# sourceURL=https:\/\/adra.md\/wp-includes\/js\/wp-embed.min.js\n<\/script>","thumbnail_url":"https:\/\/adra.md\/wp-content\/uploads\/2023\/12\/406326636_17929421144795376_7253287150983987490_n.jpg","thumbnail_width":1440,"thumbnail_height":1800,"description":"La 25 noiembrie 2023, ADRA Moldova a marcat prima zi a campaniei \u201c16 zile de activism \u00eempotriva violen\u021bei \u00een baz\u0103 de gen fa\u021b\u0103 de femei \u0219i fete\u201d prin organizarea unui seminar pentru familii \u0219i tineri, axat pe mai multe forme de violen\u021b\u0103 psihologic\u0103 \u00een familie, inclusiv violen\u021ba prin t\u0103cere, hiperprotectionismul, violen\u021ba \u00een educa\u021bie, \u0219i altele, [&hellip;]"}