{"version":"1.0","provider_name":"ADRA Moldova","provider_url":"https:\/\/adra.md\/ru\/","author_name":"ADRA Moldova","author_url":"https:\/\/adra.md\/ru\/author\/andrei-girleanu\/","title":"Adaptarea refugia\u021bilor \u00een Republica Moldova - ADRA Moldova","type":"rich","width":600,"height":338,"html":"<blockquote class=\"wp-embedded-content\" data-secret=\"AWrtxiXQzp\"><a href=\"https:\/\/adra.md\/ru\/adaptarea-refugiatilor-in-republica-moldova\/\">Adaptarea refugia\u021bilor \u00een Republica Moldova<\/a><\/blockquote><iframe sandbox=\"allow-scripts\" security=\"restricted\" src=\"https:\/\/adra.md\/ru\/adaptarea-refugiatilor-in-republica-moldova\/embed\/#?secret=AWrtxiXQzp\" width=\"600\" height=\"338\" title=\"\u00abAdaptarea refugia\u021bilor \u00een Republica Moldova\u00bb &#8212; ADRA Moldova\" data-secret=\"AWrtxiXQzp\" frameborder=\"0\" marginwidth=\"0\" marginheight=\"0\" scrolling=\"no\" class=\"wp-embedded-content\"><\/iframe><script>\n\/*! This file is auto-generated *\/\n!function(d,l){\"use strict\";l.querySelector&&d.addEventListener&&\"undefined\"!=typeof URL&&(d.wp=d.wp||{},d.wp.receiveEmbedMessage||(d.wp.receiveEmbedMessage=function(e){var t=e.data;if((t||t.secret||t.message||t.value)&&!\/[^a-zA-Z0-9]\/.test(t.secret)){for(var s,r,n,a=l.querySelectorAll('iframe[data-secret=\"'+t.secret+'\"]'),o=l.querySelectorAll('blockquote[data-secret=\"'+t.secret+'\"]'),c=new RegExp(\"^https?:$\",\"i\"),i=0;i<o.length;i++)o[i].style.display=\"none\";for(i=0;i<a.length;i++)s=a[i],e.source===s.contentWindow&&(s.removeAttribute(\"style\"),\"height\"===t.message?(1e3<(r=parseInt(t.value,10))?r=1e3:~~r<200&&(r=200),s.height=r):\"link\"===t.message&&(r=new URL(s.getAttribute(\"src\")),n=new URL(t.value),c.test(n.protocol))&&n.host===r.host&&l.activeElement===s&&(d.top.location.href=t.value))}},d.addEventListener(\"message\",d.wp.receiveEmbedMessage,!1),l.addEventListener(\"DOMContentLoaded\",function(){for(var e,t,s=l.querySelectorAll(\"iframe.wp-embedded-content\"),r=0;r<s.length;r++)(t=(e=s[r]).getAttribute(\"data-secret\"))||(t=Math.random().toString(36).substring(2,12),e.src+=\"#?secret=\"+t,e.setAttribute(\"data-secret\",t)),e.contentWindow.postMessage({message:\"ready\",secret:t},\"*\")},!1)))}(window,document);\n\/\/# sourceURL=https:\/\/adra.md\/wp-includes\/js\/wp-embed.min.js\n<\/script>","thumbnail_url":"https:\/\/adra.md\/wp-content\/uploads\/2023\/02\/329527312_1258897014701852_3693265956424054735_n.jpg","thumbnail_width":1440,"thumbnail_height":1800,"description":"\u00cencep\u00e2nd cu luna Noiembrie 2022 \u00een zilele de luni p\u00e2n\u0103 joi, lucr\u0103torii ADRA Moldova \u00een Tiraspol, \u00eenregistreaz\u0103 \u0219i re\u00eenregistreaz\u0103 refugia\u021bi pentru ca ace\u0219tia s\u0103 beneficieze de suport financiar. Proiectul IOM Moldova &#8222;Relieving Emergency Basic Needs of Ukrainian reducere in the Transnistrian region of Moldova (REBNU &#8211; the Transnistrian region&#8221; \u00een parteneriat cu ADRA Moldova, vine [&hellip;]"}