{"version":"1.0","provider_name":"ADRA Moldova","provider_url":"https:\/\/adra.md\/ru\/","author_name":"ADRA Moldova","author_url":"https:\/\/adra.md\/ru\/author\/andrei-girleanu\/","title":"Adolescentul t\u0103u este \u00een siguran\u021b\u0103? - ADRA Moldova","type":"rich","width":600,"height":338,"html":"<blockquote class=\"wp-embedded-content\" data-secret=\"Xqb1DGSYmx\"><a href=\"https:\/\/adra.md\/ru\/adolescentul-tau-este-in-siguranta\/\">Adolescentul t\u0103u este \u00een siguran\u021b\u0103?<\/a><\/blockquote><iframe sandbox=\"allow-scripts\" security=\"restricted\" src=\"https:\/\/adra.md\/ru\/adolescentul-tau-este-in-siguranta\/embed\/#?secret=Xqb1DGSYmx\" width=\"600\" height=\"338\" title=\"\u00abAdolescentul t\u0103u este \u00een siguran\u021b\u0103?\u00bb &#8212; ADRA Moldova\" data-secret=\"Xqb1DGSYmx\" frameborder=\"0\" marginwidth=\"0\" marginheight=\"0\" scrolling=\"no\" class=\"wp-embedded-content\"><\/iframe><script>\n\/*! This file is auto-generated *\/\n!function(d,l){\"use strict\";l.querySelector&&d.addEventListener&&\"undefined\"!=typeof URL&&(d.wp=d.wp||{},d.wp.receiveEmbedMessage||(d.wp.receiveEmbedMessage=function(e){var t=e.data;if((t||t.secret||t.message||t.value)&&!\/[^a-zA-Z0-9]\/.test(t.secret)){for(var s,r,n,a=l.querySelectorAll('iframe[data-secret=\"'+t.secret+'\"]'),o=l.querySelectorAll('blockquote[data-secret=\"'+t.secret+'\"]'),c=new RegExp(\"^https?:$\",\"i\"),i=0;i<o.length;i++)o[i].style.display=\"none\";for(i=0;i<a.length;i++)s=a[i],e.source===s.contentWindow&&(s.removeAttribute(\"style\"),\"height\"===t.message?(1e3<(r=parseInt(t.value,10))?r=1e3:~~r<200&&(r=200),s.height=r):\"link\"===t.message&&(r=new URL(s.getAttribute(\"src\")),n=new URL(t.value),c.test(n.protocol))&&n.host===r.host&&l.activeElement===s&&(d.top.location.href=t.value))}},d.addEventListener(\"message\",d.wp.receiveEmbedMessage,!1),l.addEventListener(\"DOMContentLoaded\",function(){for(var e,t,s=l.querySelectorAll(\"iframe.wp-embedded-content\"),r=0;r<s.length;r++)(t=(e=s[r]).getAttribute(\"data-secret\"))||(t=Math.random().toString(36).substring(2,12),e.src+=\"#?secret=\"+t,e.setAttribute(\"data-secret\",t)),e.contentWindow.postMessage({message:\"ready\",secret:t},\"*\")},!1)))}(window,document);\n\/\/# sourceURL=https:\/\/adra.md\/wp-includes\/js\/wp-embed.min.js\n<\/script>","thumbnail_url":"https:\/\/adra.md\/wp-content\/uploads\/2023\/01\/326865329_905072477168144_8939391841337932532_n.jpg","thumbnail_width":1440,"thumbnail_height":1415,"description":"Atunci c\u00e2nd e\u0219ti str\u0103in \u00eentr-o \u021bar\u0103 \u00een care nu cuno\u0219ti limba, cultura \u0219i nu ai nici un prieten, este binevenit orice ajutor de la oamenii cu inima bun\u0103! \u00cen proiectele Organiza\u021biei ADRA Moldova, incluziunea social\u0103 \u0219i activitatea transcultural\u0103, ocup\u0103 un rol important. \u00cen localitatea Bender, lucr\u0103toriu ADRA, sus\u021binu\u021bi de c\u0103tre voluntarii Bisericii Adventiste de Ziua [&hellip;]"}