{"version":"1.0","provider_name":"ADRA Moldova","provider_url":"https:\/\/adra.md\/ru\/","author_name":"ADRA Moldova","author_url":"https:\/\/adra.md\/ru\/author\/andrei-girleanu\/","title":"C\u00e2nd pierdem totul, r\u0103m\u00e2ne \u00eenv\u0103\u021b\u0103tura! - ADRA Moldova","type":"rich","width":600,"height":338,"html":"<blockquote class=\"wp-embedded-content\" data-secret=\"GbAJBPcZ7E\"><a href=\"https:\/\/adra.md\/ru\/cand-pierdem-totul-ramane-invatatura\/\">C\u00e2nd pierdem totul, r\u0103m\u00e2ne \u00eenv\u0103\u021b\u0103tura!<\/a><\/blockquote><iframe sandbox=\"allow-scripts\" security=\"restricted\" src=\"https:\/\/adra.md\/ru\/cand-pierdem-totul-ramane-invatatura\/embed\/#?secret=GbAJBPcZ7E\" width=\"600\" height=\"338\" title=\"\u00abC\u00e2nd pierdem totul, r\u0103m\u00e2ne \u00eenv\u0103\u021b\u0103tura!\u00bb &#8212; ADRA Moldova\" data-secret=\"GbAJBPcZ7E\" frameborder=\"0\" marginwidth=\"0\" marginheight=\"0\" scrolling=\"no\" class=\"wp-embedded-content\"><\/iframe><script>\n\/*! This file is auto-generated *\/\n!function(d,l){\"use strict\";l.querySelector&&d.addEventListener&&\"undefined\"!=typeof URL&&(d.wp=d.wp||{},d.wp.receiveEmbedMessage||(d.wp.receiveEmbedMessage=function(e){var t=e.data;if((t||t.secret||t.message||t.value)&&!\/[^a-zA-Z0-9]\/.test(t.secret)){for(var s,r,n,a=l.querySelectorAll('iframe[data-secret=\"'+t.secret+'\"]'),o=l.querySelectorAll('blockquote[data-secret=\"'+t.secret+'\"]'),c=new RegExp(\"^https?:$\",\"i\"),i=0;i<o.length;i++)o[i].style.display=\"none\";for(i=0;i<a.length;i++)s=a[i],e.source===s.contentWindow&&(s.removeAttribute(\"style\"),\"height\"===t.message?(1e3<(r=parseInt(t.value,10))?r=1e3:~~r<200&&(r=200),s.height=r):\"link\"===t.message&&(r=new URL(s.getAttribute(\"src\")),n=new URL(t.value),c.test(n.protocol))&&n.host===r.host&&l.activeElement===s&&(d.top.location.href=t.value))}},d.addEventListener(\"message\",d.wp.receiveEmbedMessage,!1),l.addEventListener(\"DOMContentLoaded\",function(){for(var e,t,s=l.querySelectorAll(\"iframe.wp-embedded-content\"),r=0;r<s.length;r++)(t=(e=s[r]).getAttribute(\"data-secret\"))||(t=Math.random().toString(36).substring(2,12),e.src+=\"#?secret=\"+t,e.setAttribute(\"data-secret\",t)),e.contentWindow.postMessage({message:\"ready\",secret:t},\"*\")},!1)))}(window,document);\n\/\/# sourceURL=https:\/\/adra.md\/wp-includes\/js\/wp-embed.min.js\n<\/script>","thumbnail_url":"https:\/\/adra.md\/wp-content\/uploads\/2022\/09\/307039582_161026409865052_5043212995315881916_n.jpg","thumbnail_width":1170,"thumbnail_height":1807,"description":"Este \u00eenc\u0103 luna Septembrie \u0219i repartizarea rucsacelor cu rechizite necesare pentru \u0219coal\u0103, este \u00eenc\u0103 activ\u0103! Copiii refugia\u021bi din localit\u0103\u021bile Cahul, Edine\u021b, Basarabeasca, Chi\u0219in\u0103u \u0219i Tiraspol au primit cu bucurie din bunurile oferite. Aproximativ 137 de rucsace au ajuns \u00een siguran\u021b\u0103 la destina\u021bie &#8211; copiii \u0219colari, care indiferent de situa\u021bia creat\u0103 \u00een \u021bara lor \u0219i necesitatea [&hellip;]"}