{"version":"1.0","provider_name":"ADRA Moldova","provider_url":"https:\/\/adra.md\/ru\/","author_name":"ADRA Moldova","author_url":"https:\/\/adra.md\/ru\/author\/andrei-girleanu\/","title":"\u00cenv\u0103\u021b\u0103m limba rom\u00e2n\u0103 - ADRA Moldova","type":"rich","width":600,"height":338,"html":"<blockquote class=\"wp-embedded-content\" data-secret=\"56cTluUYLx\"><a href=\"https:\/\/adra.md\/ru\/invatam-limba-romana\/\">\u00cenv\u0103\u021b\u0103m limba rom\u00e2n\u0103<\/a><\/blockquote><iframe sandbox=\"allow-scripts\" security=\"restricted\" src=\"https:\/\/adra.md\/ru\/invatam-limba-romana\/embed\/#?secret=56cTluUYLx\" width=\"600\" height=\"338\" title=\"\u00ab\u00cenv\u0103\u021b\u0103m limba rom\u00e2n\u0103\u00bb &#8212; ADRA Moldova\" data-secret=\"56cTluUYLx\" frameborder=\"0\" marginwidth=\"0\" marginheight=\"0\" scrolling=\"no\" class=\"wp-embedded-content\"><\/iframe><script>\n\/*! This file is auto-generated *\/\n!function(d,l){\"use strict\";l.querySelector&&d.addEventListener&&\"undefined\"!=typeof URL&&(d.wp=d.wp||{},d.wp.receiveEmbedMessage||(d.wp.receiveEmbedMessage=function(e){var t=e.data;if((t||t.secret||t.message||t.value)&&!\/[^a-zA-Z0-9]\/.test(t.secret)){for(var s,r,n,a=l.querySelectorAll('iframe[data-secret=\"'+t.secret+'\"]'),o=l.querySelectorAll('blockquote[data-secret=\"'+t.secret+'\"]'),c=new RegExp(\"^https?:$\",\"i\"),i=0;i<o.length;i++)o[i].style.display=\"none\";for(i=0;i<a.length;i++)s=a[i],e.source===s.contentWindow&&(s.removeAttribute(\"style\"),\"height\"===t.message?(1e3<(r=parseInt(t.value,10))?r=1e3:~~r<200&&(r=200),s.height=r):\"link\"===t.message&&(r=new URL(s.getAttribute(\"src\")),n=new URL(t.value),c.test(n.protocol))&&n.host===r.host&&l.activeElement===s&&(d.top.location.href=t.value))}},d.addEventListener(\"message\",d.wp.receiveEmbedMessage,!1),l.addEventListener(\"DOMContentLoaded\",function(){for(var e,t,s=l.querySelectorAll(\"iframe.wp-embedded-content\"),r=0;r<s.length;r++)(t=(e=s[r]).getAttribute(\"data-secret\"))||(t=Math.random().toString(36).substring(2,12),e.src+=\"#?secret=\"+t,e.setAttribute(\"data-secret\",t)),e.contentWindow.postMessage({message:\"ready\",secret:t},\"*\")},!1)))}(window,document);\n\/\/# sourceURL=https:\/\/adra.md\/wp-includes\/js\/wp-embed.min.js\n<\/script>","thumbnail_url":"https:\/\/adra.md\/wp-content\/uploads\/2022\/11\/viber_image_2022-11-08_13-36-46-449.jpg","thumbnail_width":1200,"thumbnail_height":1600,"description":"Una din oportunit\u0103\u021bile pe care le ofer\u0103 ADRA Moldova \u00eempreun\u0103 cu Republica Ceh\u0103, este c\u0103 vine \u00een sus\u021binerea refugia\u021bilor prin \u00eenv\u0103\u021barea limbii rom\u00e2ne. Cunosc\u00e2nd limba \u021b\u0103rii \u00een care locuiesc momentan, refugia\u021bii Ucraineni pot s\u0103 se integreze mai u\u0219or \u00een campul muncii, \u00een societate, s\u0103 comunice cu oamenii care \u00eei \u00eenconjoar\u0103 \u0219i s\u0103 poat\u0103 savura clipele [&hellip;]"}