{"version":"1.0","provider_name":"ADRA Moldova","provider_url":"https:\/\/adra.md\/ru\/","author_name":"ADRA Moldova","author_url":"https:\/\/adra.md\/ru\/author\/andrei-girleanu\/","title":"Loc cald, inim\u0103 cald\u0103! - ADRA Moldova","type":"rich","width":600,"height":338,"html":"<blockquote class=\"wp-embedded-content\" data-secret=\"fQQzLY02Gp\"><a href=\"https:\/\/adra.md\/ru\/loc-cald-inima-calda\/\">Loc cald, inim\u0103 cald\u0103!<\/a><\/blockquote><iframe sandbox=\"allow-scripts\" security=\"restricted\" src=\"https:\/\/adra.md\/ru\/loc-cald-inima-calda\/embed\/#?secret=fQQzLY02Gp\" width=\"600\" height=\"338\" title=\"\u00abLoc cald, inim\u0103 cald\u0103!\u00bb &#8212; ADRA Moldova\" data-secret=\"fQQzLY02Gp\" frameborder=\"0\" marginwidth=\"0\" marginheight=\"0\" scrolling=\"no\" class=\"wp-embedded-content\"><\/iframe><script>\n\/*! This file is auto-generated *\/\n!function(d,l){\"use strict\";l.querySelector&&d.addEventListener&&\"undefined\"!=typeof URL&&(d.wp=d.wp||{},d.wp.receiveEmbedMessage||(d.wp.receiveEmbedMessage=function(e){var t=e.data;if((t||t.secret||t.message||t.value)&&!\/[^a-zA-Z0-9]\/.test(t.secret)){for(var s,r,n,a=l.querySelectorAll('iframe[data-secret=\"'+t.secret+'\"]'),o=l.querySelectorAll('blockquote[data-secret=\"'+t.secret+'\"]'),c=new RegExp(\"^https?:$\",\"i\"),i=0;i<o.length;i++)o[i].style.display=\"none\";for(i=0;i<a.length;i++)s=a[i],e.source===s.contentWindow&&(s.removeAttribute(\"style\"),\"height\"===t.message?(1e3<(r=parseInt(t.value,10))?r=1e3:~~r<200&&(r=200),s.height=r):\"link\"===t.message&&(r=new URL(s.getAttribute(\"src\")),n=new URL(t.value),c.test(n.protocol))&&n.host===r.host&&l.activeElement===s&&(d.top.location.href=t.value))}},d.addEventListener(\"message\",d.wp.receiveEmbedMessage,!1),l.addEventListener(\"DOMContentLoaded\",function(){for(var e,t,s=l.querySelectorAll(\"iframe.wp-embedded-content\"),r=0;r<s.length;r++)(t=(e=s[r]).getAttribute(\"data-secret\"))||(t=Math.random().toString(36).substring(2,12),e.src+=\"#?secret=\"+t,e.setAttribute(\"data-secret\",t)),e.contentWindow.postMessage({message:\"ready\",secret:t},\"*\")},!1)))}(window,document);\n\/\/# sourceURL=https:\/\/adra.md\/wp-includes\/js\/wp-embed.min.js\n<\/script>","thumbnail_url":"https:\/\/adra.md\/wp-content\/uploads\/2025\/04\/479068918_17985935810795376_3600688253801056748_n.jpg","thumbnail_width":1440,"thumbnail_height":1800,"description":"Loc cald, inim\u0103 cald\u0103! S\u0103pt\u0103m\u00e2nal, \u00een centrele de \u00eenc\u0103lzire ADRA din R\u00eebni\u021ba \u0219i Bender, organiz\u0103m activit\u0103\u021bi pentru to\u021bi cei care au nevoie de un loc primitor \u0219i c\u0103lduros. Aici, oricine nu are o locuin\u021b\u0103 \u00eenc\u0103lzit\u0103 poate g\u0103si nu doar ad\u0103post, ci \u0219i un moment de lini\u0219te \u0219i confort. Centrele sunt deschise pe toat\u0103 perioada rece, [&hellip;]"}