{"version":"1.0","provider_name":"ADRA Moldova","provider_url":"https:\/\/adra.md\/ru\/","author_name":"ADRA Moldova","author_url":"https:\/\/adra.md\/ru\/author\/andrei-girleanu\/","title":"S\u0103 fii refugiat nu este o alegere - ADRA Moldova","type":"rich","width":600,"height":338,"html":"<blockquote class=\"wp-embedded-content\" data-secret=\"V8oyjRLOed\"><a href=\"https:\/\/adra.md\/ru\/sa-fii-refugiat-nu-este-o-alegere\/\">S\u0103 fii refugiat nu este o alegere<\/a><\/blockquote><iframe sandbox=\"allow-scripts\" security=\"restricted\" src=\"https:\/\/adra.md\/ru\/sa-fii-refugiat-nu-este-o-alegere\/embed\/#?secret=V8oyjRLOed\" width=\"600\" height=\"338\" title=\"\u00abS\u0103 fii refugiat nu este o alegere\u00bb &#8212; ADRA Moldova\" data-secret=\"V8oyjRLOed\" frameborder=\"0\" marginwidth=\"0\" marginheight=\"0\" scrolling=\"no\" class=\"wp-embedded-content\"><\/iframe><script>\n\/*! This file is auto-generated *\/\n!function(d,l){\"use strict\";l.querySelector&&d.addEventListener&&\"undefined\"!=typeof URL&&(d.wp=d.wp||{},d.wp.receiveEmbedMessage||(d.wp.receiveEmbedMessage=function(e){var t=e.data;if((t||t.secret||t.message||t.value)&&!\/[^a-zA-Z0-9]\/.test(t.secret)){for(var s,r,n,a=l.querySelectorAll('iframe[data-secret=\"'+t.secret+'\"]'),o=l.querySelectorAll('blockquote[data-secret=\"'+t.secret+'\"]'),c=new RegExp(\"^https?:$\",\"i\"),i=0;i<o.length;i++)o[i].style.display=\"none\";for(i=0;i<a.length;i++)s=a[i],e.source===s.contentWindow&&(s.removeAttribute(\"style\"),\"height\"===t.message?(1e3<(r=parseInt(t.value,10))?r=1e3:~~r<200&&(r=200),s.height=r):\"link\"===t.message&&(r=new URL(s.getAttribute(\"src\")),n=new URL(t.value),c.test(n.protocol))&&n.host===r.host&&l.activeElement===s&&(d.top.location.href=t.value))}},d.addEventListener(\"message\",d.wp.receiveEmbedMessage,!1),l.addEventListener(\"DOMContentLoaded\",function(){for(var e,t,s=l.querySelectorAll(\"iframe.wp-embedded-content\"),r=0;r<s.length;r++)(t=(e=s[r]).getAttribute(\"data-secret\"))||(t=Math.random().toString(36).substring(2,12),e.src+=\"#?secret=\"+t,e.setAttribute(\"data-secret\",t)),e.contentWindow.postMessage({message:\"ready\",secret:t},\"*\")},!1)))}(window,document);\n\/\/# sourceURL=https:\/\/adra.md\/wp-includes\/js\/wp-embed.min.js\n<\/script>","thumbnail_url":"https:\/\/adra.md\/wp-content\/uploads\/2025\/04\/488987844_17992244747795376_2780407346661698570_n.jpg","thumbnail_width":1440,"thumbnail_height":1800,"description":"Svetlana, \u00een v\u00e2rst\u0103 de 65 de ani, are un z\u00e2mbet larg, o privire prietenoas\u0103 \u0219i o dispozi\u021bie optimist\u0103. Este originar\u0103 din Odessa \u0219i a venit \u00een Moldova \u00een martie 2022 \u00eempreun\u0103 cu so\u021bul ei. Svetlana spune c\u0103 totul \u00een jurul nostru depinde de fiecare dintre noi. Dac\u0103 suntem pozitivi, vom atrage oameni care sunt ca [&hellip;]"}