{"version":"1.0","provider_name":"ADRA Moldova","provider_url":"https:\/\/adra.md\/ru\/","author_name":"ADRA Moldova","author_url":"https:\/\/adra.md\/ru\/author\/andrei-girleanu\/","title":"\u201cSpecificul \u0219i particularit\u0103\u021bile s\u0103n\u0103t\u0103\u021bii feminine\u201d - ADRA Moldova","type":"rich","width":600,"height":338,"html":"<blockquote class=\"wp-embedded-content\" data-secret=\"cG6pOjFzGr\"><a href=\"https:\/\/adra.md\/ru\/specificul-si-particularitatile-sanatatii-feminine\/\">\u201cSpecificul \u0219i particularit\u0103\u021bile s\u0103n\u0103t\u0103\u021bii feminine\u201d<\/a><\/blockquote><iframe sandbox=\"allow-scripts\" security=\"restricted\" src=\"https:\/\/adra.md\/ru\/specificul-si-particularitatile-sanatatii-feminine\/embed\/#?secret=cG6pOjFzGr\" width=\"600\" height=\"338\" title=\"\u00ab\u201cSpecificul \u0219i particularit\u0103\u021bile s\u0103n\u0103t\u0103\u021bii feminine\u201d\u00bb &#8212; ADRA Moldova\" data-secret=\"cG6pOjFzGr\" frameborder=\"0\" marginwidth=\"0\" marginheight=\"0\" scrolling=\"no\" class=\"wp-embedded-content\"><\/iframe><script>\n\/*! This file is auto-generated *\/\n!function(d,l){\"use strict\";l.querySelector&&d.addEventListener&&\"undefined\"!=typeof URL&&(d.wp=d.wp||{},d.wp.receiveEmbedMessage||(d.wp.receiveEmbedMessage=function(e){var t=e.data;if((t||t.secret||t.message||t.value)&&!\/[^a-zA-Z0-9]\/.test(t.secret)){for(var s,r,n,a=l.querySelectorAll('iframe[data-secret=\"'+t.secret+'\"]'),o=l.querySelectorAll('blockquote[data-secret=\"'+t.secret+'\"]'),c=new RegExp(\"^https?:$\",\"i\"),i=0;i<o.length;i++)o[i].style.display=\"none\";for(i=0;i<a.length;i++)s=a[i],e.source===s.contentWindow&&(s.removeAttribute(\"style\"),\"height\"===t.message?(1e3<(r=parseInt(t.value,10))?r=1e3:~~r<200&&(r=200),s.height=r):\"link\"===t.message&&(r=new URL(s.getAttribute(\"src\")),n=new URL(t.value),c.test(n.protocol))&&n.host===r.host&&l.activeElement===s&&(d.top.location.href=t.value))}},d.addEventListener(\"message\",d.wp.receiveEmbedMessage,!1),l.addEventListener(\"DOMContentLoaded\",function(){for(var e,t,s=l.querySelectorAll(\"iframe.wp-embedded-content\"),r=0;r<s.length;r++)(t=(e=s[r]).getAttribute(\"data-secret\"))||(t=Math.random().toString(36).substring(2,12),e.src+=\"#?secret=\"+t,e.setAttribute(\"data-secret\",t)),e.contentWindow.postMessage({message:\"ready\",secret:t},\"*\")},!1)))}(window,document);\n\/\/# sourceURL=https:\/\/adra.md\/wp-includes\/js\/wp-embed.min.js\n<\/script>","thumbnail_url":"https:\/\/adra.md\/wp-content\/uploads\/2024\/05\/444138897_17951583527795376_8495789868790502188_n.jpg","thumbnail_width":1440,"thumbnail_height":1440,"description":"Cu bucurie anun\u021b\u0103m un seminar minunat despre \u201cSpecificul \u0219i particularit\u0103\u021bile s\u0103n\u0103t\u0103\u021bii feminine\u201d. Ne dorim ca fiecare femeie s\u0103 fie frumoas\u0103, s\u0103n\u0103toas\u0103 \u0219i \u00eemplinit\u0103! V\u0103 invit\u0103m \u00een aceast\u0103 s\u00e2mb\u0103t\u0103, 25 mai 2024, ora 18.00, pentru comuniune \u00eempreun\u0103! Loca\u021bia: str. Ion Neculce 59 \u0420\u0430\u0434\u044b \u0441\u043e\u043e\u0431\u0449\u0438\u0442\u044c \u043e \u043f\u0440\u043e\u0432\u0435\u0434\u0435\u043d\u0438\u0438 \u0437\u0430\u043c\u0435\u0447\u0430\u0442\u0435\u043b\u044c\u043d\u043e\u0433\u043e \u0441\u0435\u043c\u0438\u043d\u0430\u0440\u0430 \u00ab\u041e\u0441\u043e\u0431\u0435\u043d\u043d\u043e\u0441\u0442\u0438 \u0436\u0435\u043d\u0441\u043a\u043e\u0433\u043e \u0437\u0434\u043e\u0440\u043e\u0432\u044c\u044f!\u00bb. \u041c\u044b \u0445\u043e\u0442\u0438\u043c, \u0447\u0442\u043e\u0431\u044b \u043a\u0430\u0436\u0434\u0430\u044f \u0436\u0435\u043d\u0449\u0438\u043d\u0430 [&hellip;]"}