{"version":"1.0","provider_name":"ADRA Moldova","provider_url":"https:\/\/adra.md\/ru\/","author_name":"ADRA Moldova","author_url":"https:\/\/adra.md\/ru\/author\/andrei-girleanu\/","title":"Un stil de via\u021b\u0103 s\u0103n\u0103tos \u2013 provocare sau pl\u0103cere? - ADRA Moldova","type":"rich","width":600,"height":338,"html":"<blockquote class=\"wp-embedded-content\" data-secret=\"D6oPuk1w2P\"><a href=\"https:\/\/adra.md\/ru\/un-stil-de-viata-sanatos-provocare-sau-placere\/\">Un stil de via\u021b\u0103 s\u0103n\u0103tos \u2013 provocare sau pl\u0103cere?<\/a><\/blockquote><iframe sandbox=\"allow-scripts\" security=\"restricted\" src=\"https:\/\/adra.md\/ru\/un-stil-de-viata-sanatos-provocare-sau-placere\/embed\/#?secret=D6oPuk1w2P\" width=\"600\" height=\"338\" title=\"\u00abUn stil de via\u021b\u0103 s\u0103n\u0103tos \u2013 provocare sau pl\u0103cere?\u00bb &#8212; ADRA Moldova\" data-secret=\"D6oPuk1w2P\" frameborder=\"0\" marginwidth=\"0\" marginheight=\"0\" scrolling=\"no\" class=\"wp-embedded-content\"><\/iframe><script>\n\/*! This file is auto-generated *\/\n!function(d,l){\"use strict\";l.querySelector&&d.addEventListener&&\"undefined\"!=typeof URL&&(d.wp=d.wp||{},d.wp.receiveEmbedMessage||(d.wp.receiveEmbedMessage=function(e){var t=e.data;if((t||t.secret||t.message||t.value)&&!\/[^a-zA-Z0-9]\/.test(t.secret)){for(var s,r,n,a=l.querySelectorAll('iframe[data-secret=\"'+t.secret+'\"]'),o=l.querySelectorAll('blockquote[data-secret=\"'+t.secret+'\"]'),c=new RegExp(\"^https?:$\",\"i\"),i=0;i<o.length;i++)o[i].style.display=\"none\";for(i=0;i<a.length;i++)s=a[i],e.source===s.contentWindow&&(s.removeAttribute(\"style\"),\"height\"===t.message?(1e3<(r=parseInt(t.value,10))?r=1e3:~~r<200&&(r=200),s.height=r):\"link\"===t.message&&(r=new URL(s.getAttribute(\"src\")),n=new URL(t.value),c.test(n.protocol))&&n.host===r.host&&l.activeElement===s&&(d.top.location.href=t.value))}},d.addEventListener(\"message\",d.wp.receiveEmbedMessage,!1),l.addEventListener(\"DOMContentLoaded\",function(){for(var e,t,s=l.querySelectorAll(\"iframe.wp-embedded-content\"),r=0;r<s.length;r++)(t=(e=s[r]).getAttribute(\"data-secret\"))||(t=Math.random().toString(36).substring(2,12),e.src+=\"#?secret=\"+t,e.setAttribute(\"data-secret\",t)),e.contentWindow.postMessage({message:\"ready\",secret:t},\"*\")},!1)))}(window,document);\n\/\/# sourceURL=https:\/\/adra.md\/wp-includes\/js\/wp-embed.min.js\n<\/script>","thumbnail_url":"https:\/\/adra.md\/wp-content\/uploads\/2025\/04\/481193955_17986961411795376_3994794020706838782_n.jpg","thumbnail_width":1440,"thumbnail_height":1800,"description":"Un stil de via\u021b\u0103 s\u0103n\u0103tos \u2013 provocare sau pl\u0103cere? S\u0103pt\u0103m\u00e2na aceasta, la Centrul de \u00cenc\u0103lzire ADRA din R\u00e2bni\u021ba, am avut parte de un seminar special despre s\u0103n\u0103tate \u0219i principiile unui trai echilibrat. Participan\u021bii au descoperit sfaturi utile, exemple practice \u0219i au aflat c\u00e2t de important\u0103 este hidratarea corect\u0103. \u0218i pentru c\u0103 e\u0219ti ceea ce bei, [&hellip;]"}