{"id":18338,"date":"2021-01-12T12:24:55","date_gmt":"2021-01-12T12:24:55","guid":{"rendered":"https:\/\/adramyanmar.org\/?page_id=18338"},"modified":"2022-02-18T09:53:51","modified_gmt":"2022-02-18T09:53:51","slug":"despre-adra-moldova","status":"publish","type":"page","link":"https:\/\/adra.md\/ru\/cine-suntem\/despre-adra-moldova\/","title":{"rendered":"Despre ADRA Moldova"},"content":{"rendered":"<div data-elementor-type=\"wp-page\" data-elementor-id=\"18338\" class=\"elementor elementor-18338\" data-elementor-post-type=\"page\">\n\t\t\t\t\t\t<section class=\"elementor-section elementor-top-section elementor-element elementor-element-dc29230 elementor-section-full_width elementor-section-height-min-height elementor-section-height-default elementor-section-items-middle\" data-id=\"dc29230\" data-element_type=\"section\" data-e-type=\"section\" data-settings=\"{&quot;background_background&quot;:&quot;classic&quot;}\">\n\t\t\t\t\t\t<div class=\"elementor-container elementor-column-gap-default\">\n\t\t\t\t\t<div class=\"elementor-column elementor-col-100 elementor-top-column elementor-element elementor-element-0098c7b\" data-id=\"0098c7b\" data-element_type=\"column\" data-e-type=\"column\">\n\t\t\t<div class=\"elementor-widget-wrap elementor-element-populated\">\n\t\t\t\t\t\t<div class=\"elementor-element elementor-element-16a98b9 authenia-angled elementor-widget elementor-widget-heading\" data-id=\"16a98b9\" data-element_type=\"widget\" data-e-type=\"widget\" authenia=\"true\" data-widget_type=\"heading.default\">\n\t\t\t\t<div class=\"elementor-widget-container\">\n\t\t\t\t\t<h1 class=\"elementor-heading-title elementor-size-default\">Despre ADRA Moldova<\/h1>\t\t\t\t<\/div>\n\t\t\t\t<\/div>\n\t\t\t\t\t<\/div>\n\t\t<\/div>\n\t\t\t\t\t<\/div>\n\t\t<\/section>\n\t\t\t\t<section class=\"elementor-section elementor-top-section elementor-element elementor-element-d379134 elementor-section-boxed elementor-section-height-default elementor-section-height-default\" data-id=\"d379134\" data-element_type=\"section\" data-e-type=\"section\">\n\t\t\t\t\t\t<div class=\"elementor-container elementor-column-gap-default\">\n\t\t\t\t\t<div class=\"elementor-column elementor-col-100 elementor-top-column elementor-element elementor-element-83e45a2\" data-id=\"83e45a2\" data-element_type=\"column\" data-e-type=\"column\">\n\t\t\t<div class=\"elementor-widget-wrap elementor-element-populated\">\n\t\t\t\t\t\t<div class=\"elementor-element elementor-element-c2ba1dc elementor-widget elementor-widget-text-editor\" data-id=\"c2ba1dc\" data-element_type=\"widget\" data-e-type=\"widget\" data-widget_type=\"text-editor.default\">\n\t\t\t\t<div class=\"elementor-widget-container\">\n\t\t\t\t\t\t\t\t\t<p>\u00cenfiin\u021bat\u0103 \u00een 1990,\u00a0<strong>Agen\u0163ia Adventist\u0103 pentru Dezvoltare, Refacere \u015fi Ajutor \u2013 ADRA Rom\u00e2nia<\/strong>\u00a0se implic\u0103 \u00een special \u00een proiecte de dezvoltare de care beneficiaz\u0103 \u00eentreaga popula\u0163ie \u0219i ofer\u0103 sprijin \u00een mod necondi\u0163ionat indiferent de religia, rasa, etnia sau genul beneficiarilor<\/p>\t\t\t\t\t\t\t\t<\/div>\n\t\t\t\t<\/div>\n\t\t\t\t<div class=\"elementor-element elementor-element-e41d510 elementor-widget elementor-widget-heading\" data-id=\"e41d510\" data-element_type=\"widget\" data-e-type=\"widget\" data-widget_type=\"heading.default\">\n\t\t\t\t<div class=\"elementor-widget-container\">\n\t\t\t\t\t<h2 class=\"elementor-heading-title elementor-size-default\">Expertiz\u0103<\/h2>\t\t\t\t<\/div>\n\t\t\t\t<\/div>\n\t\t\t\t<div class=\"elementor-element elementor-element-800a374 elementor-widget elementor-widget-text-editor\" data-id=\"800a374\" data-element_type=\"widget\" data-e-type=\"widget\" data-widget_type=\"text-editor.default\">\n\t\t\t\t<div class=\"elementor-widget-container\">\n\t\t\t\t\t\t\t\t\t<p><a href=\"https:\/\/www.adra.ro\/\" target=\"_blank\" rel=\"noopener noreferrer\">ADRA Rom\u00e2nia<\/a>\u00a0urm\u0103re\u015fte \u00eembun\u0103t\u0103\u0163irea calit\u0103\u0163ii vie\u0163ii pentru cei \u00een nevoie \u015fi investe\u015fte \u00een poten\u0163ialul oamenilor, prin ini\u0163iative de dezvoltare comunitar\u0103, ax\u00e2ndu-se pe cinci direc\u0163ii principale:\u00a0dezvoltare economic\u0103, educa\u0163ie \u0219i s\u0103n\u0103tate de baz\u0103, lupta \u00eempotriva violen\u021bei \u00een familie, asistarea victimelor dezastrelor naturale \u015fi asistarea categoriilor sociale defavorizate.<\/p><p>Din 2009, ADRA Rom\u00e2nia conduce Centrul de Primire \u00een Regim de Urgen\u0163\u0103 a Victimelor Violen\u0163ei \u00een Familie \u2013 Casa ADRA \u2013, av\u00e2nd cea mai mare capacitate din aceast\u0103 parte a \u0163\u0103rii, victimele beneficiind gratuit de cazare \u015fi de consiliere de specialitate.<\/p>\t\t\t\t\t\t\t\t<\/div>\n\t\t\t\t<\/div>\n\t\t\t\t<div class=\"elementor-element elementor-element-0736dcc elementor-widget elementor-widget-heading\" data-id=\"0736dcc\" data-element_type=\"widget\" data-e-type=\"widget\" data-widget_type=\"heading.default\">\n\t\t\t\t<div class=\"elementor-widget-container\">\n\t\t\t\t\t<h2 class=\"elementor-heading-title elementor-size-default\">Afilieri<\/h2>\t\t\t\t<\/div>\n\t\t\t\t<\/div>\n\t\t\t\t<div class=\"elementor-element elementor-element-ce50dae elementor-widget elementor-widget-text-editor\" data-id=\"ce50dae\" data-element_type=\"widget\" data-e-type=\"widget\" data-widget_type=\"text-editor.default\">\n\t\t\t\t<div class=\"elementor-widget-container\">\n\t\t\t\t\t\t\t\t\t<p>ADRA Rom\u00e2nia este<\/p><ul><li>Membru al\u00a0<a href=\"http:\/\/www.fondromania.org\/pagini\/index.php\" target=\"_blank\" rel=\"noopener noreferrer\">Federa\u021biei Organiza\u021biilor Nonguvernamentale pentru Dezvoltare (FOND)<\/a><\/li><li>Membru al\u00a0<a href=\"http:\/\/www.fonpc.ro\/\" target=\"_blank\" rel=\"noopener noreferrer\">Federa\u0163iei Organiza\u0163iilor Neguvernamentale pentru Protec\u0163ia Copilului (FONPC)<\/a><\/li><li>Furnizor de servicii sociale acreditat pentru serviciul social\u00a0<strong>\u201dCentrul de Primire \u00een Regim de Urgen\u021b\u0103 a Victimelor Violen\u021bei \u00een Familie<\/strong><\/li><\/ul><p><a href=\"https:\/\/www.adra.ro\/\" target=\"_blank\" rel=\"noopener noreferrer\">ADRA Rom\u00e2nia<\/a>\u00a0face parte din re\u021beaua\u00a0<a href=\"http:\/\/www.adra.org\/\" target=\"_blank\" rel=\"noopener noreferrer\">ADRA Interna\u021bional<\/a>, una dintre cele mai r\u0103sp\u00e2ndite organiza\u0163ii neguvernamentale din lume, fiind activ\u0103 \u00een mai mult de 118 de \u0163\u0103ri \u015fi conduc\u00e2ndu-se dup\u0103 o filosofie care \u00eembin\u0103 compasiunea cu spiritul practic, adres\u00e2ndu-se oamenilor \u00een nevoie, f\u0103r\u0103 s\u0103 fac\u0103 deosebiri de ordin rasial, etnic, politic sau religios. Datorit\u0103 promptitudinii cu care ADRA a r\u0103spuns la nevoile oamenilor de pe \u00eentregul glob, \u00een 1997,\u00a0<a href=\"http:\/\/www.un.org\/en\/ecosoc\/\" target=\"_blank\" rel=\"noopener noreferrer\">Consiliul Economic \u015fi Social al Na\u0163iunilor Unite (ECOSOC)<\/a>\u00a0i-a conferit statutul de membru consultativ.<\/p>\t\t\t\t\t\t\t\t<\/div>\n\t\t\t\t<\/div>\n\t\t\t\t\t<\/div>\n\t\t<\/div>\n\t\t\t\t\t<\/div>\n\t\t<\/section>\n\t\t\t\t<section class=\"elementor-section elementor-top-section elementor-element elementor-element-21c9803 elementor-section-boxed elementor-section-height-default elementor-section-height-default\" data-id=\"21c9803\" data-element_type=\"section\" data-e-type=\"section\">\n\t\t\t\t\t\t<div class=\"elementor-container elementor-column-gap-default\">\n\t\t\t\t\t<div class=\"elementor-column elementor-col-50 elementor-top-column elementor-element elementor-element-9363a50\" data-id=\"9363a50\" data-element_type=\"column\" data-e-type=\"column\">\n\t\t\t<div class=\"elementor-widget-wrap elementor-element-populated\">\n\t\t\t\t\t\t<div class=\"elementor-element elementor-element-9220786 elementor-widget elementor-widget-image\" data-id=\"9220786\" data-element_type=\"widget\" data-e-type=\"widget\" data-widget_type=\"image.default\">\n\t\t\t\t<div class=\"elementor-widget-container\">\n\t\t\t\t\t\t\t\t\t\t\t\t\t\t\t\t<a href=\"https:\/\/www.aeon.info\/en\/\">\n\t\t\t\t\t\t\t<img fetchpriority=\"high\" decoding=\"async\" width=\"500\" height=\"133\" src=\"https:\/\/adra.md\/wp-content\/uploads\/2019\/11\/group-435.png\" class=\"attachment-large size-large wp-image-12923\" alt=\"\" srcset=\"https:\/\/adra.md\/wp-content\/uploads\/2019\/11\/group-435.png 500w, https:\/\/adra.md\/wp-content\/uploads\/2019\/11\/group-435-300x80.png 300w\" sizes=\"(max-width: 500px) 100vw, 500px\" \/>\t\t\t\t\t\t\t\t<\/a>\n\t\t\t\t\t\t\t\t\t\t\t\t\t\t\t<\/div>\n\t\t\t\t<\/div>\n\t\t\t\t\t<\/div>\n\t\t<\/div>\n\t\t\t\t<div class=\"elementor-column elementor-col-50 elementor-top-column elementor-element elementor-element-304e74b\" data-id=\"304e74b\" data-element_type=\"column\" data-e-type=\"column\">\n\t\t\t<div class=\"elementor-widget-wrap\">\n\t\t\t\t\t\t\t<\/div>\n\t\t<\/div>\n\t\t\t\t\t<\/div>\n\t\t<\/section>\n\t\t\t\t<section class=\"elementor-section elementor-top-section elementor-element elementor-element-25b6c95 elementor-section-boxed elementor-section-height-default elementor-section-height-default\" data-id=\"25b6c95\" data-element_type=\"section\" data-e-type=\"section\">\n\t\t\t\t\t\t<div class=\"elementor-container elementor-column-gap-default\">\n\t\t\t\t\t<div class=\"elementor-column elementor-col-100 elementor-top-column elementor-element elementor-element-9df6a2b\" data-id=\"9df6a2b\" data-element_type=\"column\" data-e-type=\"column\">\n\t\t\t<div class=\"elementor-widget-wrap elementor-element-populated\">\n\t\t\t\t\t\t<div class=\"elementor-element elementor-element-7146f79 authenia-angled e-transform e-transform e-transform e-transform e-transform elementor-widget elementor-widget-heading\" data-id=\"7146f79\" data-element_type=\"widget\" data-e-type=\"widget\" data-settings=\"{&quot;_transform_rotateZ_effect&quot;:{&quot;unit&quot;:&quot;px&quot;,&quot;size&quot;:4,&quot;sizes&quot;:[]},&quot;_transform_rotateZ_effect_tablet&quot;:{&quot;unit&quot;:&quot;deg&quot;,&quot;size&quot;:&quot;&quot;,&quot;sizes&quot;:[]},&quot;_transform_rotateZ_effect_mobile&quot;:{&quot;unit&quot;:&quot;deg&quot;,&quot;size&quot;:&quot;&quot;,&quot;sizes&quot;:[]},&quot;_transform_translateX_effect&quot;:{&quot;unit&quot;:&quot;px&quot;,&quot;size&quot;:&quot;&quot;,&quot;sizes&quot;:[]},&quot;_transform_translateX_effect_tablet&quot;:{&quot;unit&quot;:&quot;px&quot;,&quot;size&quot;:&quot;&quot;,&quot;sizes&quot;:[]},&quot;_transform_translateX_effect_mobile&quot;:{&quot;unit&quot;:&quot;px&quot;,&quot;size&quot;:&quot;&quot;,&quot;sizes&quot;:[]},&quot;_transform_translateY_effect&quot;:{&quot;unit&quot;:&quot;px&quot;,&quot;size&quot;:&quot;&quot;,&quot;sizes&quot;:[]},&quot;_transform_translateY_effect_tablet&quot;:{&quot;unit&quot;:&quot;px&quot;,&quot;size&quot;:&quot;&quot;,&quot;sizes&quot;:[]},&quot;_transform_translateY_effect_mobile&quot;:{&quot;unit&quot;:&quot;px&quot;,&quot;size&quot;:&quot;&quot;,&quot;sizes&quot;:[]},&quot;_transform_scale_effect&quot;:{&quot;unit&quot;:&quot;px&quot;,&quot;size&quot;:&quot;&quot;,&quot;sizes&quot;:[]},&quot;_transform_scale_effect_tablet&quot;:{&quot;unit&quot;:&quot;px&quot;,&quot;size&quot;:&quot;&quot;,&quot;sizes&quot;:[]},&quot;_transform_scale_effect_mobile&quot;:{&quot;unit&quot;:&quot;px&quot;,&quot;size&quot;:&quot;&quot;,&quot;sizes&quot;:[]},&quot;_transform_skewX_effect&quot;:{&quot;unit&quot;:&quot;px&quot;,&quot;size&quot;:&quot;&quot;,&quot;sizes&quot;:[]},&quot;_transform_skewX_effect_tablet&quot;:{&quot;unit&quot;:&quot;deg&quot;,&quot;size&quot;:&quot;&quot;,&quot;sizes&quot;:[]},&quot;_transform_skewX_effect_mobile&quot;:{&quot;unit&quot;:&quot;deg&quot;,&quot;size&quot;:&quot;&quot;,&quot;sizes&quot;:[]},&quot;_transform_skewY_effect&quot;:{&quot;unit&quot;:&quot;px&quot;,&quot;size&quot;:&quot;&quot;,&quot;sizes&quot;:[]},&quot;_transform_skewY_effect_tablet&quot;:{&quot;unit&quot;:&quot;deg&quot;,&quot;size&quot;:&quot;&quot;,&quot;sizes&quot;:[]},&quot;_transform_skewY_effect_mobile&quot;:{&quot;unit&quot;:&quot;deg&quot;,&quot;size&quot;:&quot;&quot;,&quot;sizes&quot;:[]},&quot;_transform_rotateZ_effect_hover&quot;:{&quot;unit&quot;:&quot;px&quot;,&quot;size&quot;:&quot;&quot;,&quot;sizes&quot;:[]},&quot;_transform_rotateZ_effect_hover_tablet&quot;:{&quot;unit&quot;:&quot;deg&quot;,&quot;size&quot;:&quot;&quot;,&quot;sizes&quot;:[]},&quot;_transform_rotateZ_effect_hover_mobile&quot;:{&quot;unit&quot;:&quot;deg&quot;,&quot;size&quot;:&quot;&quot;,&quot;sizes&quot;:[]}}\" authenia=\"true\" data-widget_type=\"heading.default\">\n\t\t\t\t<div class=\"elementor-widget-container\">\n\t\t\t\t\t<h1 class=\"elementor-heading-title elementor-size-default\">Slujim unamit\u0103\u021bii astfel \u00eenc\u00e2t  to\u021bi s\u0103 conve\u021buiasc\u0103 a\u0219a cum Dumnezu a pl\u0103nuit.<\/h1>\t\t\t\t<\/div>\n\t\t\t\t<\/div>\n\t\t\t\t<div class=\"elementor-element elementor-element-35f83c9 elementor-widget-divider--view-line elementor-widget elementor-widget-divider\" data-id=\"35f83c9\" data-element_type=\"widget\" data-e-type=\"widget\" data-widget_type=\"divider.default\">\n\t\t\t\t<div class=\"elementor-widget-container\">\n\t\t\t\t\t\t\t<div class=\"elementor-divider\">\n\t\t\t<span class=\"elementor-divider-separator\">\n\t\t\t\t\t\t<\/span>\n\t\t<\/div>\n\t\t\t\t\t\t<\/div>\n\t\t\t\t<\/div>\n\t\t\t\t\t<\/div>\n\t\t<\/div>\n\t\t\t\t\t<\/div>\n\t\t<\/section>\n\t\t\t\t<\/div>","protected":false},"excerpt":{"rendered":"<p>Despre ADRA Moldova \u00cenfiin\u021bat\u0103 \u00een 1990,\u00a0Agen\u0163ia Adventist\u0103 pentru Dezvoltare, Refacere \u015fi Ajutor \u2013 ADRA Rom\u00e2nia\u00a0se implic\u0103 \u00een special \u00een proiecte de dezvoltare de care beneficiaz\u0103 \u00eentreaga popula\u0163ie \u0219i ofer\u0103 sprijin \u00een mod necondi\u0163ionat indiferent de religia, rasa, etnia sau genul beneficiarilor Expertiz\u0103 ADRA Rom\u00e2nia\u00a0urm\u0103re\u015fte \u00eembun\u0103t\u0103\u0163irea calit\u0103\u0163ii vie\u0163ii pentru cei \u00een nevoie \u015fi investe\u015fte \u00een poten\u0163ialul [&hellip;]<\/p>\n","protected":false},"author":9,"featured_media":13129,"parent":18336,"menu_order":0,"comment_status":"closed","ping_status":"closed","template":"","meta":{"_acf_changed":false,"footnotes":""},"class_list":["post-18338","page","type-page","status-publish","has-post-thumbnail","hentry"],"acf":[],"yoast_head":"<!-- This site is optimized with the Yoast SEO plugin v27.4 - https:\/\/yoast.com\/product\/yoast-seo-wordpress\/ -->\n<title>Despre ADRA Moldova - ADRA Moldova<\/title>\n<meta name=\"robots\" content=\"index, follow, max-snippet:-1, max-image-preview:large, max-video-preview:-1\" \/>\n<link rel=\"canonical\" href=\"https:\/\/adra.md\/ru\/cine-suntem\/despre-adra-moldova\/\" \/>\n<meta property=\"og:locale\" content=\"ru_RU\" \/>\n<meta property=\"og:type\" content=\"article\" \/>\n<meta property=\"og:title\" content=\"Despre ADRA Moldova - ADRA Moldova\" \/>\n<meta property=\"og:description\" content=\"Despre ADRA Moldova \u00cenfiin\u021bat\u0103 \u00een 1990,\u00a0Agen\u0163ia Adventist\u0103 pentru Dezvoltare, Refacere \u015fi Ajutor \u2013 ADRA Rom\u00e2nia\u00a0se implic\u0103 \u00een special \u00een proiecte de dezvoltare de care beneficiaz\u0103 \u00eentreaga popula\u0163ie \u0219i ofer\u0103 sprijin \u00een mod necondi\u0163ionat indiferent de religia, rasa, etnia sau genul beneficiarilor Expertiz\u0103 ADRA Rom\u00e2nia\u00a0urm\u0103re\u015fte \u00eembun\u0103t\u0103\u0163irea calit\u0103\u0163ii vie\u0163ii pentru cei \u00een nevoie \u015fi investe\u015fte \u00een poten\u0163ialul [&hellip;]\" \/>\n<meta property=\"og:url\" content=\"https:\/\/adra.md\/ru\/cine-suntem\/despre-adra-moldova\/\" \/>\n<meta property=\"og:site_name\" content=\"ADRA Moldova\" \/>\n<meta property=\"article:modified_time\" content=\"2022-02-18T09:53:51+00:00\" \/>\n<meta property=\"og:image\" content=\"https:\/\/adra.md\/wp-content\/uploads\/2019\/11\/dsc_0348_web.jpg\" \/>\n\t<meta property=\"og:image:width\" content=\"6000\" \/>\n\t<meta property=\"og:image:height\" content=\"4004\" \/>\n\t<meta property=\"og:image:type\" content=\"image\/jpeg\" \/>\n<meta name=\"twitter:card\" content=\"summary_large_image\" \/>\n<meta name=\"twitter:label1\" content=\"\u041f\u0440\u0438\u043c\u0435\u0440\u043d\u043e\u0435 \u0432\u0440\u0435\u043c\u044f \u0434\u043b\u044f \u0447\u0442\u0435\u043d\u0438\u044f\" \/>\n\t<meta name=\"twitter:data1\" content=\"2 \u043c\u0438\u043d\u0443\u0442\u044b\" \/>\n<script type=\"application\/ld+json\" class=\"yoast-schema-graph\">{\"@context\":\"https:\\\/\\\/schema.org\",\"@graph\":[{\"@type\":\"WebPage\",\"@id\":\"https:\\\/\\\/adra.md\\\/cine-suntem\\\/despre-adra-moldova\\\/\",\"url\":\"https:\\\/\\\/adra.md\\\/cine-suntem\\\/despre-adra-moldova\\\/\",\"name\":\"Despre ADRA Moldova - ADRA Moldova\",\"isPartOf\":{\"@id\":\"https:\\\/\\\/adra.md\\\/#website\"},\"primaryImageOfPage\":{\"@id\":\"https:\\\/\\\/adra.md\\\/cine-suntem\\\/despre-adra-moldova\\\/#primaryimage\"},\"image\":{\"@id\":\"https:\\\/\\\/adra.md\\\/cine-suntem\\\/despre-adra-moldova\\\/#primaryimage\"},\"thumbnailUrl\":\"https:\\\/\\\/adra.md\\\/wp-content\\\/uploads\\\/2019\\\/11\\\/dsc_0348_web.jpg\",\"datePublished\":\"2021-01-12T12:24:55+00:00\",\"dateModified\":\"2022-02-18T09:53:51+00:00\",\"breadcrumb\":{\"@id\":\"https:\\\/\\\/adra.md\\\/cine-suntem\\\/despre-adra-moldova\\\/#breadcrumb\"},\"inLanguage\":\"ru-RU\",\"potentialAction\":[{\"@type\":\"ReadAction\",\"target\":[\"https:\\\/\\\/adra.md\\\/cine-suntem\\\/despre-adra-moldova\\\/\"]}]},{\"@type\":\"ImageObject\",\"inLanguage\":\"ru-RU\",\"@id\":\"https:\\\/\\\/adra.md\\\/cine-suntem\\\/despre-adra-moldova\\\/#primaryimage\",\"url\":\"https:\\\/\\\/adra.md\\\/wp-content\\\/uploads\\\/2019\\\/11\\\/dsc_0348_web.jpg\",\"contentUrl\":\"https:\\\/\\\/adra.md\\\/wp-content\\\/uploads\\\/2019\\\/11\\\/dsc_0348_web.jpg\",\"width\":6000,\"height\":4004},{\"@type\":\"BreadcrumbList\",\"@id\":\"https:\\\/\\\/adra.md\\\/cine-suntem\\\/despre-adra-moldova\\\/#breadcrumb\",\"itemListElement\":[{\"@type\":\"ListItem\",\"position\":1,\"name\":\"Home\",\"item\":\"https:\\\/\\\/adra.md\\\/\"},{\"@type\":\"ListItem\",\"position\":2,\"name\":\"Cine suntem ?\",\"item\":\"https:\\\/\\\/adra.md\\\/cine-suntem\\\/\"},{\"@type\":\"ListItem\",\"position\":3,\"name\":\"Despre ADRA Moldova\"}]},{\"@type\":\"WebSite\",\"@id\":\"https:\\\/\\\/adra.md\\\/#website\",\"url\":\"https:\\\/\\\/adra.md\\\/\",\"name\":\"ADRA Moldova\",\"description\":\"Agen\u0163ia Adventist\u0103 pentru Dezvoltare, Refacere \u015fi Ajutor\",\"publisher\":{\"@id\":\"https:\\\/\\\/adra.md\\\/#organization\"},\"potentialAction\":[{\"@type\":\"SearchAction\",\"target\":{\"@type\":\"EntryPoint\",\"urlTemplate\":\"https:\\\/\\\/adra.md\\\/?s={search_term_string}\"},\"query-input\":{\"@type\":\"PropertyValueSpecification\",\"valueRequired\":true,\"valueName\":\"search_term_string\"}}],\"inLanguage\":\"ru-RU\"},{\"@type\":\"Organization\",\"@id\":\"https:\\\/\\\/adra.md\\\/#organization\",\"name\":\"ADRA Moldova\",\"url\":\"https:\\\/\\\/adra.md\\\/\",\"logo\":{\"@type\":\"ImageObject\",\"inLanguage\":\"ru-RU\",\"@id\":\"https:\\\/\\\/adra.md\\\/#\\\/schema\\\/logo\\\/image\\\/\",\"url\":\"https:\\\/\\\/adra.md\\\/wp-content\\\/uploads\\\/2019\\\/11\\\/group-435.png\",\"contentUrl\":\"https:\\\/\\\/adra.md\\\/wp-content\\\/uploads\\\/2019\\\/11\\\/group-435.png\",\"width\":500,\"height\":133,\"caption\":\"ADRA Moldova\"},\"image\":{\"@id\":\"https:\\\/\\\/adra.md\\\/#\\\/schema\\\/logo\\\/image\\\/\"}}]}<\/script>\n<!-- \/ Yoast SEO plugin. -->","yoast_head_json":{"title":"Despre ADRA Moldova - ADRA Moldova","robots":{"index":"index","follow":"follow","max-snippet":"max-snippet:-1","max-image-preview":"max-image-preview:large","max-video-preview":"max-video-preview:-1"},"canonical":"https:\/\/adra.md\/ru\/cine-suntem\/despre-adra-moldova\/","og_locale":"ru_RU","og_type":"article","og_title":"Despre ADRA Moldova - ADRA Moldova","og_description":"Despre ADRA Moldova \u00cenfiin\u021bat\u0103 \u00een 1990,\u00a0Agen\u0163ia Adventist\u0103 pentru Dezvoltare, Refacere \u015fi Ajutor \u2013 ADRA Rom\u00e2nia\u00a0se implic\u0103 \u00een special \u00een proiecte de dezvoltare de care beneficiaz\u0103 \u00eentreaga popula\u0163ie \u0219i ofer\u0103 sprijin \u00een mod necondi\u0163ionat indiferent de religia, rasa, etnia sau genul beneficiarilor Expertiz\u0103 ADRA Rom\u00e2nia\u00a0urm\u0103re\u015fte \u00eembun\u0103t\u0103\u0163irea calit\u0103\u0163ii vie\u0163ii pentru cei \u00een nevoie \u015fi investe\u015fte \u00een poten\u0163ialul [&hellip;]","og_url":"https:\/\/adra.md\/ru\/cine-suntem\/despre-adra-moldova\/","og_site_name":"ADRA Moldova","article_modified_time":"2022-02-18T09:53:51+00:00","og_image":[{"width":6000,"height":4004,"url":"https:\/\/adra.md\/wp-content\/uploads\/2019\/11\/dsc_0348_web.jpg","type":"image\/jpeg"}],"twitter_card":"summary_large_image","twitter_misc":{"\u041f\u0440\u0438\u043c\u0435\u0440\u043d\u043e\u0435 \u0432\u0440\u0435\u043c\u044f \u0434\u043b\u044f \u0447\u0442\u0435\u043d\u0438\u044f":"2 \u043c\u0438\u043d\u0443\u0442\u044b"},"schema":{"@context":"https:\/\/schema.org","@graph":[{"@type":"WebPage","@id":"https:\/\/adra.md\/cine-suntem\/despre-adra-moldova\/","url":"https:\/\/adra.md\/cine-suntem\/despre-adra-moldova\/","name":"Despre ADRA Moldova - ADRA Moldova","isPartOf":{"@id":"https:\/\/adra.md\/#website"},"primaryImageOfPage":{"@id":"https:\/\/adra.md\/cine-suntem\/despre-adra-moldova\/#primaryimage"},"image":{"@id":"https:\/\/adra.md\/cine-suntem\/despre-adra-moldova\/#primaryimage"},"thumbnailUrl":"https:\/\/adra.md\/wp-content\/uploads\/2019\/11\/dsc_0348_web.jpg","datePublished":"2021-01-12T12:24:55+00:00","dateModified":"2022-02-18T09:53:51+00:00","breadcrumb":{"@id":"https:\/\/adra.md\/cine-suntem\/despre-adra-moldova\/#breadcrumb"},"inLanguage":"ru-RU","potentialAction":[{"@type":"ReadAction","target":["https:\/\/adra.md\/cine-suntem\/despre-adra-moldova\/"]}]},{"@type":"ImageObject","inLanguage":"ru-RU","@id":"https:\/\/adra.md\/cine-suntem\/despre-adra-moldova\/#primaryimage","url":"https:\/\/adra.md\/wp-content\/uploads\/2019\/11\/dsc_0348_web.jpg","contentUrl":"https:\/\/adra.md\/wp-content\/uploads\/2019\/11\/dsc_0348_web.jpg","width":6000,"height":4004},{"@type":"BreadcrumbList","@id":"https:\/\/adra.md\/cine-suntem\/despre-adra-moldova\/#breadcrumb","itemListElement":[{"@type":"ListItem","position":1,"name":"Home","item":"https:\/\/adra.md\/"},{"@type":"ListItem","position":2,"name":"Cine suntem ?","item":"https:\/\/adra.md\/cine-suntem\/"},{"@type":"ListItem","position":3,"name":"Despre ADRA Moldova"}]},{"@type":"WebSite","@id":"https:\/\/adra.md\/#website","url":"https:\/\/adra.md\/","name":"ADRA Moldova","description":"Agen\u0163ia Adventist\u0103 pentru Dezvoltare, Refacere \u015fi Ajutor","publisher":{"@id":"https:\/\/adra.md\/#organization"},"potentialAction":[{"@type":"SearchAction","target":{"@type":"EntryPoint","urlTemplate":"https:\/\/adra.md\/?s={search_term_string}"},"query-input":{"@type":"PropertyValueSpecification","valueRequired":true,"valueName":"search_term_string"}}],"inLanguage":"ru-RU"},{"@type":"Organization","@id":"https:\/\/adra.md\/#organization","name":"ADRA Moldova","url":"https:\/\/adra.md\/","logo":{"@type":"ImageObject","inLanguage":"ru-RU","@id":"https:\/\/adra.md\/#\/schema\/logo\/image\/","url":"https:\/\/adra.md\/wp-content\/uploads\/2019\/11\/group-435.png","contentUrl":"https:\/\/adra.md\/wp-content\/uploads\/2019\/11\/group-435.png","width":500,"height":133,"caption":"ADRA Moldova"},"image":{"@id":"https:\/\/adra.md\/#\/schema\/logo\/image\/"}}]}},"_links":{"self":[{"href":"https:\/\/adra.md\/ru\/wp-json\/wp\/v2\/pages\/18338","targetHints":{"allow":["GET"]}}],"collection":[{"href":"https:\/\/adra.md\/ru\/wp-json\/wp\/v2\/pages"}],"about":[{"href":"https:\/\/adra.md\/ru\/wp-json\/wp\/v2\/types\/page"}],"author":[{"embeddable":true,"href":"https:\/\/adra.md\/ru\/wp-json\/wp\/v2\/users\/9"}],"replies":[{"embeddable":true,"href":"https:\/\/adra.md\/ru\/wp-json\/wp\/v2\/comments?post=18338"}],"version-history":[{"count":4,"href":"https:\/\/adra.md\/ru\/wp-json\/wp\/v2\/pages\/18338\/revisions"}],"predecessor-version":[{"id":18657,"href":"https:\/\/adra.md\/ru\/wp-json\/wp\/v2\/pages\/18338\/revisions\/18657"}],"up":[{"embeddable":true,"href":"https:\/\/adra.md\/ru\/wp-json\/wp\/v2\/pages\/18336"}],"wp:featuredmedia":[{"embeddable":true,"href":"https:\/\/adra.md\/ru\/wp-json\/wp\/v2\/media\/13129"}],"wp:attachment":[{"href":"https:\/\/adra.md\/ru\/wp-json\/wp\/v2\/media?parent=18338"}],"curies":[{"name":"wp","href":"https:\/\/api.w.org\/{rel}","templated":true}]}}